{"id":28465,"date":"2013-10-08T09:06:26","date_gmt":"2013-10-08T07:06:26","guid":{"rendered":"https:\/\/www.geoclima.com\/projects\/"},"modified":"2025-02-13T13:50:31","modified_gmt":"2025-02-13T12:50:31","slug":"proyectos","status":"publish","type":"page","link":"https:\/\/www.geoclima.com\/es\/proyectos\/","title":{"rendered":"Proyectos"},"content":{"rendered":"<div id='layer_slider_1'  class='avia-layerslider main_color avia-shadow  avia-builder-el-0  el_before_av_one_full  avia-builder-el-first  container_wrap sidebar_right'  style='height: 501px; max-width: 1600px; margin: 0 auto;'  ><\/div><div id='after_layer_slider_1'  class='main_color av_default_container_wrap container_wrap sidebar_right'  ><div class='container av-section-cont-open' ><div class='template-page content  av-content-small alpha units'><div class='post-entry post-entry-type-page post-entry-28465'><div class='entry-content-wrapper clearfix'>\n\n<style type=\"text\/css\" data-created_by=\"avia_inline_auto\" id=\"style-css-av-4nehmi-279167d95dbf0b0dbbdf36bac94faec1\">\n#top .flex_column.av-4nehmi-279167d95dbf0b0dbbdf36bac94faec1{\nmargin-top:25px;\nmargin-bottom:25px;\n}\n.flex_column.av-4nehmi-279167d95dbf0b0dbbdf36bac94faec1{\nborder-radius:0px 0px 0px 0px;\npadding:0px 0px 0px 0px;\n}\n.responsive #top #wrap_all .flex_column.av-4nehmi-279167d95dbf0b0dbbdf36bac94faec1{\nmargin-top:25px;\nmargin-bottom:25px;\n}\n<\/style>\n<div  class='flex_column av-4nehmi-279167d95dbf0b0dbbdf36bac94faec1 av_one_full  avia-builder-el-1  el_after_av_layerslider  el_before_av_one_full  avia-builder-el-first  first flex_column_div av-zero-column-padding  '     ><style type=\"text\/css\" data-created_by=\"avia_inline_auto\" id=\"style-css-av-jxn7vsey-45922c6737e5c02abbd6605578ca3ecb\">\n#top .av-special-heading.av-jxn7vsey-45922c6737e5c02abbd6605578ca3ecb{\npadding-bottom:10px;\nfont-size:80px;\n}\nbody .av-special-heading.av-jxn7vsey-45922c6737e5c02abbd6605578ca3ecb .av-special-heading-tag .heading-char{\nfont-size:25px;\n}\n#top #wrap_all .av-special-heading.av-jxn7vsey-45922c6737e5c02abbd6605578ca3ecb .av-special-heading-tag{\nfont-size:80px;\n}\n.av-special-heading.av-jxn7vsey-45922c6737e5c02abbd6605578ca3ecb .av-subheading{\nfont-size:15px;\n}\n\n@media only screen and (min-width: 768px) and (max-width: 989px){ \n#top #wrap_all .av-special-heading.av-jxn7vsey-45922c6737e5c02abbd6605578ca3ecb .av-special-heading-tag{\nfont-size:60px;\n}\n}\n\n@media only screen and (min-width: 480px) and (max-width: 767px){ \n#top #wrap_all .av-special-heading.av-jxn7vsey-45922c6737e5c02abbd6605578ca3ecb .av-special-heading-tag{\nfont-size:50px;\n}\n}\n\n@media only screen and (max-width: 479px){ \n#top #wrap_all .av-special-heading.av-jxn7vsey-45922c6737e5c02abbd6605578ca3ecb .av-special-heading-tag{\nfont-size:40px;\n}\n}\n<\/style>\n<div  class='av-special-heading av-jxn7vsey-45922c6737e5c02abbd6605578ca3ecb av-special-heading-h1 blockquote modern-quote  avia-builder-el-2  avia-builder-el-no-sibling  av-inherit-size av-linked-heading'><h1 class='av-special-heading-tag '  itemprop=\"headline\"  >UNA SELECCI\u00d3N DE NUESTROS \u00daLTIMOS PROYECTOS<\/h1><div class=\"special-heading-border\"><div class=\"special-heading-inner-border\"><\/div><\/div><\/div><\/div>\n<div  class='flex_column av-4nuzre-fa5efc6fb4fdd8d1e246709db0d06c5a av_one_full  avia-builder-el-3  el_after_av_one_full  avia-builder-el-last  first flex_column_div  column-top-margin'     ><div  id=\"av-sc-portfolio-1\"  class=\"av-portfolio-grid-sorting-container\"><div class='sort_width_container  av-sort-yes' data-portfolio-id='1' ><div id='js_sort_items' ><div class='sort_by_cat '><a href=\"#\" data-filter=\"all_sort\" class=\"all_sort_button active_sort\"><span class=\"inner_sort_button\"><span>Todo<\/span><small class=\"av-cat-count\"> 8 <\/small><\/span><\/a><span class=\"text-sep espana_sort_sep\">\/<\/span><a href=\"#\" data-filter=\"espana_sort\" class=\"espana_sort_button\" ><span class=\"inner_sort_button\"><span>Espa\u00f1a<\/span><small class=\"av-cat-count\"> 6 <\/small><\/span><\/a><span class=\"text-sep europa-es_sort_sep\">\/<\/span><a href=\"#\" data-filter=\"europa-es_sort\" class=\"europa-es_sort_button\" ><span class=\"inner_sort_button\"><span>Europa<\/span><small class=\"av-cat-count\"> 8 <\/small><\/span><\/a><span class=\"text-sep it-es_sort_sep\">\/<\/span><a href=\"#\" data-filter=\"it-es_sort\" class=\"it-es_sort_button\" ><span class=\"inner_sort_button\"><span>Italia<\/span><small class=\"av-cat-count\"> 1 <\/small><\/span><\/a><span class=\"text-sep uk-es_sort_sep\">\/<\/span><a href=\"#\" data-filter=\"uk-es_sort\" class=\"uk-es_sort_button\" ><span class=\"inner_sort_button\"><span>Reino Unido<\/span><small class=\"av-cat-count\"> 1 <\/small><\/span><\/a><\/div><\/div><\/div><div  class=' grid-sort-container isotope   no_margin-container with-title-container grid-total-even grid-col-4 grid-links-' data-portfolio-id='1'><div data-ajax-id='35413' class=' grid-entry flex_column isotope-item all_sort no_margin post-entry post-entry-35413 grid-entry-overview grid-loop-1 grid-parity-odd  europa-es_sort uk-es_sort  av_one_fourth first default_av_fullwidth '><article class='main_color inner-entry'  itemscope=\"itemscope\" itemtype=\"https:\/\/schema.org\/CreativeWork\" ><a href=\"https:\/\/www.geoclima.com\/es\/pro\/un-chiller-modular-personalizado-para-john-lewis-en-glasgow\/\" title='Un chiller modular personalizado para John Lewis en Glasgow'  data-rel='grid-1' class='grid-image avia-hover-fx'> <img decoding=\"async\" fetchpriority=\"high\" width=\"260\" height=\"185\" src=\"https:\/\/www.geoclima.com\/wp-content\/uploads\/2025\/02\/John-Lewis-Glasgow-Copia-260x185.jpg\" class=\"wp-image-35487 avia-img-lazy-loading-not-35487 attachment-portfolio_small size-portfolio_small wp-post-image\" alt=\"John Lewis&#039; facade in Glasgow\" \/><\/a><div class='grid-content'><div class='avia-arrow'><\/div><header class=\"entry-content-header\" aria-label=\"Portfolio: Un chiller modular personalizado para John Lewis en Glasgow\"><h3 class='grid-entry-title entry-title '  itemprop=\"headline\" ><a href='https:\/\/www.geoclima.com\/es\/pro\/un-chiller-modular-personalizado-para-john-lewis-en-glasgow\/' title='Un chiller modular personalizado para John Lewis en Glasgow'>Un chiller modular personalizado para John Lewis en Glasgow<\/a><\/h3><\/header><\/div><footer class=\"entry-footer\"><\/footer><\/article><\/div><div data-ajax-id='29790' class=' grid-entry flex_column isotope-item all_sort no_margin post-entry post-entry-29790 grid-entry-overview grid-loop-2 grid-parity-even  europa-es_sort it-es_sort  av_one_fourth  default_av_fullwidth '><article class='main_color inner-entry'  itemscope=\"itemscope\" itemtype=\"https:\/\/schema.org\/CreativeWork\" ><a href=\"https:\/\/www.geoclima.com\/es\/pro\/instalacion-de-un-sistema-de-refrigeracion-altamente-eficiente-en-una-empresa-italiana-de-confiteria\/\" title='Instalaci\u00f3n de un sistema de refrigeraci\u00f3n altamente eficiente en una empresa italiana de confiter\u00eda'  data-rel='grid-1' class='grid-image avia-hover-fx'> <img decoding=\"async\" fetchpriority=\"high\" width=\"260\" height=\"185\" src=\"https:\/\/www.geoclima.com\/wp-content\/uploads\/2023\/06\/GIC21004-260x185.jpg\" class=\"wp-image-29758 avia-img-lazy-loading-not-29758 attachment-portfolio_small size-portfolio_small wp-post-image\" alt=\"\" \/><\/a><div class='grid-content'><div class='avia-arrow'><\/div><header class=\"entry-content-header\" aria-label=\"Portfolio: Instalaci\u00f3n de un sistema de refrigeraci\u00f3n altamente eficiente en una empresa italiana de confiter\u00eda\"><h3 class='grid-entry-title entry-title '  itemprop=\"headline\" ><a href='https:\/\/www.geoclima.com\/es\/pro\/instalacion-de-un-sistema-de-refrigeracion-altamente-eficiente-en-una-empresa-italiana-de-confiteria\/' title='Instalaci\u00f3n de un sistema de refrigeraci\u00f3n altamente eficiente en una empresa italiana de confiter\u00eda'>Instalaci\u00f3n de un sistema de refrigeraci\u00f3n altamente eficiente en una empresa italiana de confiter\u00eda<\/a><\/h3><\/header><\/div><footer class=\"entry-footer\"><\/footer><\/article><\/div><div data-ajax-id='29606' class=' grid-entry flex_column isotope-item all_sort no_margin post-entry post-entry-29606 grid-entry-overview grid-loop-3 grid-parity-odd  espana_sort europa-es_sort  av_one_fourth  default_av_fullwidth '><article class='main_color inner-entry'  itemscope=\"itemscope\" itemtype=\"https:\/\/schema.org\/CreativeWork\" ><a href=\"https:\/\/www.geoclima.com\/es\/pro\/plastic-forte-espana\/\" title='Plastic Forte, Espa\u00f1a'  data-rel='grid-1' class='grid-image avia-hover-fx'> <img decoding=\"async\" fetchpriority=\"high\" width=\"260\" height=\"185\" src=\"https:\/\/www.geoclima.com\/wp-content\/uploads\/2023\/03\/plastic-cover-260x185.jpg\" class=\"wp-image-29578 avia-img-lazy-loading-not-29578 attachment-portfolio_small size-portfolio_small wp-post-image\" alt=\"\" \/><\/a><div class='grid-content'><div class='avia-arrow'><\/div><header class=\"entry-content-header\" aria-label=\"Portfolio: Plastic Forte, Espa\u00f1a\"><h3 class='grid-entry-title entry-title '  itemprop=\"headline\" ><a href='https:\/\/www.geoclima.com\/es\/pro\/plastic-forte-espana\/' title='Plastic Forte, Espa\u00f1a'>Plastic Forte, Espa\u00f1a<\/a><\/h3><\/header><\/div><footer class=\"entry-footer\"><\/footer><\/article><\/div><div data-ajax-id='29526' class=' grid-entry flex_column isotope-item all_sort no_margin post-entry post-entry-29526 grid-entry-overview grid-loop-4 grid-parity-even  espana_sort europa-es_sort  av_one_fourth  default_av_fullwidth '><article class='main_color inner-entry'  itemscope=\"itemscope\" itemtype=\"https:\/\/schema.org\/CreativeWork\" ><a href=\"https:\/\/www.geoclima.com\/es\/pro\/un-nuevo-circlemiser-para-uvas-doce-espana\/\" title='Un nuevo Circlemiser para Uvas Doce, Espa\u00f1a'  data-rel='grid-1' class='grid-image avia-hover-fx'> <img decoding=\"async\" fetchpriority=\"high\" width=\"260\" height=\"185\" src=\"https:\/\/www.geoclima.com\/wp-content\/uploads\/2023\/02\/cover-260x185.jpg\" class=\"wp-image-29510 avia-img-lazy-loading-not-29510 attachment-portfolio_small size-portfolio_small wp-post-image\" alt=\"\" \/><\/a><div class='grid-content'><div class='avia-arrow'><\/div><header class=\"entry-content-header\" aria-label=\"Portfolio: Un nuevo Circlemiser para Uvas Doce, Espa\u00f1a\"><h3 class='grid-entry-title entry-title '  itemprop=\"headline\" ><a href='https:\/\/www.geoclima.com\/es\/pro\/un-nuevo-circlemiser-para-uvas-doce-espana\/' title='Un nuevo Circlemiser para Uvas Doce, Espa\u00f1a'>Un nuevo Circlemiser para Uvas Doce, Espa\u00f1a<\/a><\/h3><\/header><\/div><footer class=\"entry-footer\"><\/footer><\/article><\/div><div data-ajax-id='29181' class=' grid-entry flex_column isotope-item all_sort no_margin post-entry post-entry-29181 grid-entry-overview grid-loop-5 grid-parity-odd  espana_sort europa-es_sort  av_one_fourth first default_av_fullwidth '><article class='main_color inner-entry'  itemscope=\"itemscope\" itemtype=\"https:\/\/schema.org\/CreativeWork\" ><a href=\"https:\/\/www.geoclima.com\/es\/pro\/plaza-marques-de-salamanca-de-madrid\/\" title='Plaza Marqu\u00e9s de Salamanca de Madrid'  data-rel='grid-1' class='grid-image avia-hover-fx'> <img decoding=\"async\" fetchpriority=\"high\" width=\"260\" height=\"185\" src=\"https:\/\/www.geoclima.com\/wp-content\/uploads\/2023\/01\/cover-web-260x185.jpg\" class=\"wp-image-29124 avia-img-lazy-loading-not-29124 attachment-portfolio_small size-portfolio_small wp-post-image\" alt=\"\" \/><\/a><div class='grid-content'><div class='avia-arrow'><\/div><header class=\"entry-content-header\" aria-label=\"Portfolio: Plaza Marqu\u00e9s de Salamanca de Madrid\"><h3 class='grid-entry-title entry-title '  itemprop=\"headline\" ><a href='https:\/\/www.geoclima.com\/es\/pro\/plaza-marques-de-salamanca-de-madrid\/' title='Plaza Marqu\u00e9s de Salamanca de Madrid'>Plaza Marqu\u00e9s de Salamanca de Madrid<\/a><\/h3><\/header><\/div><footer class=\"entry-footer\"><\/footer><\/article><\/div><div data-ajax-id='29079' class=' grid-entry flex_column isotope-item all_sort no_margin post-entry post-entry-29079 grid-entry-overview grid-loop-6 grid-parity-even  espana_sort europa-es_sort  av_one_fourth  default_av_fullwidth '><article class='main_color inner-entry'  itemscope=\"itemscope\" itemtype=\"https:\/\/schema.org\/CreativeWork\" ><a href=\"https:\/\/www.geoclima.com\/es\/pro\/sociedad-cooperativa-champinter-espana\/\" title='Sociedad Cooperativa Champinter, Espa\u00f1a'  data-rel='grid-1' class='grid-image avia-hover-fx'> <img decoding=\"async\" fetchpriority=\"high\" width=\"260\" height=\"185\" src=\"https:\/\/www.geoclima.com\/wp-content\/uploads\/2022\/12\/champinter-web5-260x185.jpg\" class=\"wp-image-29064 avia-img-lazy-loading-not-29064 attachment-portfolio_small size-portfolio_small wp-post-image\" alt=\"\" \/><\/a><div class='grid-content'><div class='avia-arrow'><\/div><header class=\"entry-content-header\" aria-label=\"Portfolio: Sociedad Cooperativa Champinter, Espa\u00f1a\"><h3 class='grid-entry-title entry-title '  itemprop=\"headline\" ><a href='https:\/\/www.geoclima.com\/es\/pro\/sociedad-cooperativa-champinter-espana\/' title='Sociedad Cooperativa Champinter, Espa\u00f1a'>Sociedad Cooperativa Champinter, Espa\u00f1a<\/a><\/h3><\/header><\/div><footer class=\"entry-footer\"><\/footer><\/article><\/div><div data-ajax-id='28281' class=' grid-entry flex_column isotope-item all_sort no_margin post-entry post-entry-28281 grid-entry-overview grid-loop-7 grid-parity-odd  espana_sort europa-es_sort  av_one_fourth  default_av_fullwidth '><article class='main_color inner-entry'  itemscope=\"itemscope\" itemtype=\"https:\/\/schema.org\/CreativeWork\" ><a href=\"https:\/\/www.geoclima.com\/es\/pro\/planta-alimentaria-pionera-en-espana\/\" title='Planta alimentaria pionera en Espa\u00f1a'  data-rel='grid-1' class='grid-image avia-hover-fx'> <img decoding=\"async\" fetchpriority=\"high\" width=\"260\" height=\"185\" src=\"https:\/\/www.geoclima.com\/wp-content\/uploads\/2022\/05\/web1-260x185.jpg\" class=\"wp-image-28237 avia-img-lazy-loading-not-28237 attachment-portfolio_small size-portfolio_small wp-post-image\" alt=\"\" \/><\/a><div class='grid-content'><div class='avia-arrow'><\/div><header class=\"entry-content-header\" aria-label=\"Portfolio: Planta alimentaria pionera en Espa\u00f1a\"><h3 class='grid-entry-title entry-title '  itemprop=\"headline\" ><a href='https:\/\/www.geoclima.com\/es\/pro\/planta-alimentaria-pionera-en-espana\/' title='Planta alimentaria pionera en Espa\u00f1a'>Planta alimentaria pionera en Espa\u00f1a<\/a><\/h3><\/header><\/div><footer class=\"entry-footer\"><\/footer><\/article><\/div><div data-ajax-id='28638' class=' grid-entry flex_column isotope-item all_sort no_margin post-entry post-entry-28638 grid-entry-overview grid-loop-8 grid-parity-even  post-entry-last  espana_sort europa-es_sort  av_one_fourth  default_av_fullwidth '><article class='main_color inner-entry'  itemscope=\"itemscope\" itemtype=\"https:\/\/schema.org\/CreativeWork\" ><a href=\"https:\/\/www.geoclima.com\/es\/pro\/refrigeracion-y-conservacion-de-la-uva\/\" title='UVAS DOCE \u2013 Refrigeraci\u00f3n y conservaci\u00f3n de la uva'  data-rel='grid-1' class='grid-image avia-hover-fx'> <img decoding=\"async\" fetchpriority=\"high\" width=\"260\" height=\"185\" src=\"https:\/\/www.geoclima.com\/wp-content\/uploads\/2017\/08\/20161122_155655-260x185.jpg\" class=\"wp-image-27604 avia-img-lazy-loading-not-27604 attachment-portfolio_small size-portfolio_small wp-post-image\" alt=\"\" \/><\/a><div class='grid-content'><div class='avia-arrow'><\/div><header class=\"entry-content-header\" aria-label=\"Portfolio: UVAS DOCE \u2013 Refrigeraci\u00f3n y conservaci\u00f3n de la uva\"><h3 class='grid-entry-title entry-title '  itemprop=\"headline\" ><a href='https:\/\/www.geoclima.com\/es\/pro\/refrigeracion-y-conservacion-de-la-uva\/' title='UVAS DOCE \u2013 Refrigeraci\u00f3n y conservaci\u00f3n de la uva'>UVAS DOCE \u2013 Refrigeraci\u00f3n y conservaci\u00f3n de la uva<\/a><\/h3><\/header><\/div><footer class=\"entry-footer\"><\/footer><\/article><\/div><\/div><\/div>   <!--   class=\"av-portfolio-grid-sorting-container\"  --><\/div>\n","protected":false},"excerpt":{"rendered":"","protected":false},"author":1,"featured_media":0,"parent":0,"menu_order":0,"comment_status":"open","ping_status":"open","template":"","meta":{"footnotes":""},"class_list":["post-28465","page","type-page","status-publish","hentry"],"yoast_head":"<!-- This site is optimized with the Yoast SEO Premium plugin v27.4 (Yoast SEO v27.4) - https:\/\/yoast.com\/product\/yoast-seo-premium-wordpress\/ -->\n<title>Los proyectos que hemos desarrollado | Geoclima<\/title>\n<meta name=\"robots\" content=\"index, follow, max-snippet:-1, max-image-preview:large, max-video-preview:-1\" \/>\n<link rel=\"canonical\" href=\"https:\/\/www.geoclima.com\/es\/proyectos\/\" \/>\n<meta property=\"og:locale\" content=\"es_ES\" \/>\n<meta property=\"og:type\" content=\"article\" \/>\n<meta property=\"og:title\" content=\"Proyectos\" \/>\n<meta property=\"og:url\" content=\"https:\/\/www.geoclima.com\/es\/proyectos\/\" \/>\n<meta property=\"og:site_name\" content=\"Geoclima\" \/>\n<meta property=\"article:publisher\" content=\"https:\/\/www.facebook.com\/GeoclimaWorld\/\" \/>\n<meta property=\"article:modified_time\" content=\"2025-02-13T12:50:31+00:00\" \/>\n<meta name=\"twitter:label1\" content=\"Tiempo de lectura\" \/>\n\t<meta name=\"twitter:data1\" content=\"5 minutos\" \/>\n<script type=\"application\/ld+json\" class=\"yoast-schema-graph\">{\"@context\":\"https:\\\/\\\/schema.org\",\"@graph\":[{\"@type\":\"WebPage\",\"@id\":\"https:\\\/\\\/www.geoclima.com\\\/es\\\/proyectos\\\/\",\"url\":\"https:\\\/\\\/www.geoclima.com\\\/es\\\/proyectos\\\/\",\"name\":\"Los proyectos que hemos desarrollado | Geoclima\",\"isPartOf\":{\"@id\":\"https:\\\/\\\/www.geoclima.com\\\/es\\\/#website\"},\"datePublished\":\"2013-10-08T07:06:26+00:00\",\"dateModified\":\"2025-02-13T12:50:31+00:00\",\"breadcrumb\":{\"@id\":\"https:\\\/\\\/www.geoclima.com\\\/es\\\/proyectos\\\/#breadcrumb\"},\"inLanguage\":\"es\",\"potentialAction\":[{\"@type\":\"ReadAction\",\"target\":[\"https:\\\/\\\/www.geoclima.com\\\/es\\\/proyectos\\\/\"]}]},{\"@type\":\"BreadcrumbList\",\"@id\":\"https:\\\/\\\/www.geoclima.com\\\/es\\\/proyectos\\\/#breadcrumb\",\"itemListElement\":[{\"@type\":\"ListItem\",\"position\":1,\"name\":\"Home\",\"item\":\"https:\\\/\\\/www.geoclima.com\\\/es\\\/\"},{\"@type\":\"ListItem\",\"position\":2,\"name\":\"Proyectos\"}]},{\"@type\":\"WebSite\",\"@id\":\"https:\\\/\\\/www.geoclima.com\\\/es\\\/#website\",\"url\":\"https:\\\/\\\/www.geoclima.com\\\/es\\\/\",\"name\":\"Geoclima\",\"description\":\"Smart HVAC solutions\",\"publisher\":{\"@id\":\"https:\\\/\\\/www.geoclima.com\\\/es\\\/#organization\"},\"potentialAction\":[{\"@type\":\"SearchAction\",\"target\":{\"@type\":\"EntryPoint\",\"urlTemplate\":\"https:\\\/\\\/www.geoclima.com\\\/es\\\/?s={search_term_string}\"},\"query-input\":{\"@type\":\"PropertyValueSpecification\",\"valueRequired\":true,\"valueName\":\"search_term_string\"}}],\"inLanguage\":\"es\"},{\"@type\":\"Organization\",\"@id\":\"https:\\\/\\\/www.geoclima.com\\\/es\\\/#organization\",\"name\":\"Geoclima Srl\",\"url\":\"https:\\\/\\\/www.geoclima.com\\\/es\\\/\",\"logo\":{\"@type\":\"ImageObject\",\"inLanguage\":\"es\",\"@id\":\"https:\\\/\\\/www.geoclima.com\\\/es\\\/#\\\/schema\\\/logo\\\/image\\\/\",\"url\":\"https:\\\/\\\/www.geoclima.com\\\/wp-content\\\/uploads\\\/2014\\\/03\\\/logo-geo.png\",\"contentUrl\":\"https:\\\/\\\/www.geoclima.com\\\/wp-content\\\/uploads\\\/2014\\\/03\\\/logo-geo.png\",\"width\":280,\"height\":53,\"caption\":\"Geoclima Srl\"},\"image\":{\"@id\":\"https:\\\/\\\/www.geoclima.com\\\/es\\\/#\\\/schema\\\/logo\\\/image\\\/\"},\"sameAs\":[\"https:\\\/\\\/www.facebook.com\\\/GeoclimaWorld\\\/\",\"https:\\\/\\\/x.com\\\/GeoclimaWeb\",\"https:\\\/\\\/www.instagram.com\\\/geoclima\",\"https:\\\/\\\/www.linkedin.com\\\/company\\\/geoclima\",\"https:\\\/\\\/www.youtube.com\\\/user\\\/geoclimaweb\"]}]}<\/script>\n<!-- \/ Yoast SEO Premium plugin. -->","yoast_head_json":{"title":"Los proyectos que hemos desarrollado | Geoclima","robots":{"index":"index","follow":"follow","max-snippet":"max-snippet:-1","max-image-preview":"max-image-preview:large","max-video-preview":"max-video-preview:-1"},"canonical":"https:\/\/www.geoclima.com\/es\/proyectos\/","og_locale":"es_ES","og_type":"article","og_title":"Proyectos","og_url":"https:\/\/www.geoclima.com\/es\/proyectos\/","og_site_name":"Geoclima","article_publisher":"https:\/\/www.facebook.com\/GeoclimaWorld\/","article_modified_time":"2025-02-13T12:50:31+00:00","twitter_misc":{"Tiempo de lectura":"5 minutos"},"schema":{"@context":"https:\/\/schema.org","@graph":[{"@type":"WebPage","@id":"https:\/\/www.geoclima.com\/es\/proyectos\/","url":"https:\/\/www.geoclima.com\/es\/proyectos\/","name":"Los proyectos que hemos desarrollado | Geoclima","isPartOf":{"@id":"https:\/\/www.geoclima.com\/es\/#website"},"datePublished":"2013-10-08T07:06:26+00:00","dateModified":"2025-02-13T12:50:31+00:00","breadcrumb":{"@id":"https:\/\/www.geoclima.com\/es\/proyectos\/#breadcrumb"},"inLanguage":"es","potentialAction":[{"@type":"ReadAction","target":["https:\/\/www.geoclima.com\/es\/proyectos\/"]}]},{"@type":"BreadcrumbList","@id":"https:\/\/www.geoclima.com\/es\/proyectos\/#breadcrumb","itemListElement":[{"@type":"ListItem","position":1,"name":"Home","item":"https:\/\/www.geoclima.com\/es\/"},{"@type":"ListItem","position":2,"name":"Proyectos"}]},{"@type":"WebSite","@id":"https:\/\/www.geoclima.com\/es\/#website","url":"https:\/\/www.geoclima.com\/es\/","name":"Geoclima","description":"Smart HVAC solutions","publisher":{"@id":"https:\/\/www.geoclima.com\/es\/#organization"},"potentialAction":[{"@type":"SearchAction","target":{"@type":"EntryPoint","urlTemplate":"https:\/\/www.geoclima.com\/es\/?s={search_term_string}"},"query-input":{"@type":"PropertyValueSpecification","valueRequired":true,"valueName":"search_term_string"}}],"inLanguage":"es"},{"@type":"Organization","@id":"https:\/\/www.geoclima.com\/es\/#organization","name":"Geoclima Srl","url":"https:\/\/www.geoclima.com\/es\/","logo":{"@type":"ImageObject","inLanguage":"es","@id":"https:\/\/www.geoclima.com\/es\/#\/schema\/logo\/image\/","url":"https:\/\/www.geoclima.com\/wp-content\/uploads\/2014\/03\/logo-geo.png","contentUrl":"https:\/\/www.geoclima.com\/wp-content\/uploads\/2014\/03\/logo-geo.png","width":280,"height":53,"caption":"Geoclima Srl"},"image":{"@id":"https:\/\/www.geoclima.com\/es\/#\/schema\/logo\/image\/"},"sameAs":["https:\/\/www.facebook.com\/GeoclimaWorld\/","https:\/\/x.com\/GeoclimaWeb","https:\/\/www.instagram.com\/geoclima","https:\/\/www.linkedin.com\/company\/geoclima","https:\/\/www.youtube.com\/user\/geoclimaweb"]}]}},"_links":{"self":[{"href":"https:\/\/www.geoclima.com\/es\/wp-json\/wp\/v2\/pages\/28465","targetHints":{"allow":["GET"]}}],"collection":[{"href":"https:\/\/www.geoclima.com\/es\/wp-json\/wp\/v2\/pages"}],"about":[{"href":"https:\/\/www.geoclima.com\/es\/wp-json\/wp\/v2\/types\/page"}],"author":[{"embeddable":true,"href":"https:\/\/www.geoclima.com\/es\/wp-json\/wp\/v2\/users\/1"}],"replies":[{"embeddable":true,"href":"https:\/\/www.geoclima.com\/es\/wp-json\/wp\/v2\/comments?post=28465"}],"version-history":[{"count":8,"href":"https:\/\/www.geoclima.com\/es\/wp-json\/wp\/v2\/pages\/28465\/revisions"}],"predecessor-version":[{"id":35500,"href":"https:\/\/www.geoclima.com\/es\/wp-json\/wp\/v2\/pages\/28465\/revisions\/35500"}],"wp:attachment":[{"href":"https:\/\/www.geoclima.com\/es\/wp-json\/wp\/v2\/media?parent=28465"}],"curies":[{"name":"wp","href":"https:\/\/api.w.org\/{rel}","templated":true}]}}