{"id":24590,"date":"2021-08-26T14:42:54","date_gmt":"2021-08-26T12:42:54","guid":{"rendered":"https:\/\/www.geoclima.com\/pro\/new-ulster-university-belfast\/"},"modified":"2024-07-18T08:54:28","modified_gmt":"2024-07-18T06:54:28","slug":"nuovo-campus-della-ulster-university-belfast","status":"publish","type":"portfolio","link":"https:\/\/www.geoclima.com\/it\/pro\/nuovo-campus-della-ulster-university-belfast\/","title":{"rendered":"Nuovo campus della Ulster University, Belfast"},"content":{"rendered":"<div  class='flex_column av-av_one_full-d846867a37b468541bc8830743d44203 av_one_full  avia-builder-el-0  el_before_av_one_full  avia-builder-el-first  first flex_column_div  '     ><style type=\"text\/css\" data-created_by=\"avia_inline_auto\" id=\"style-css-av-ksswlusf-e733a7070a66139c7854bc32d87ba1c7\">\n#top .av-special-heading.av-ksswlusf-e733a7070a66139c7854bc32d87ba1c7{\npadding-bottom:10px;\n}\nbody .av-special-heading.av-ksswlusf-e733a7070a66139c7854bc32d87ba1c7 .av-special-heading-tag .heading-char{\nfont-size:25px;\n}\n.av-special-heading.av-ksswlusf-e733a7070a66139c7854bc32d87ba1c7 .av-subheading{\nfont-size:15px;\n}\n<\/style>\n<div  class='av-special-heading av-ksswlusf-e733a7070a66139c7854bc32d87ba1c7 av-special-heading-h1 blockquote modern-quote  avia-builder-el-1  avia-builder-el-no-sibling '><h1 class='av-special-heading-tag '  itemprop=\"headline\"  >Nuovo campus della Ulster University, Belfast<\/h1><div class=\"special-heading-border\"><div class=\"special-heading-inner-border\"><\/div><\/div><\/div><\/div><div  class='flex_column av-av_one_full-d846867a37b468541bc8830743d44203 av_one_full  avia-builder-el-2  el_after_av_one_full  el_before_av_one_full  first flex_column_div  column-top-margin'     ><style type=\"text\/css\" data-created_by=\"avia_inline_auto\" id=\"style-css-av-ksswobxg-9c53fe8f586297ce471291318efdc537\">\n#top .avia-gallery.av-ksswobxg-9c53fe8f586297ce471291318efdc537 .avia-gallery-thumb a{\nwidth:33.3333%;\n}\n<\/style>\n<div  class='avia-gallery av-ksswobxg-9c53fe8f586297ce471291318efdc537 avia_animate_when_visible  avia-builder-el-3  avia-builder-el-no-sibling  avia_lazyload avia-gallery-animate avia-gallery-1'  itemprop=\"image\" itemscope=\"itemscope\" itemtype=\"https:\/\/schema.org\/ImageObject\" ><meta itemprop=\"contentURL\" content=\"https:\/\/www.geoclima.com\/it\/pro\/nuovo-campus-della-ulster-university-belfast\/\"><div class='avia-gallery-thumb'><a href=\"https:\/\/www.geoclima.com\/wp-content\/uploads\/2021\/08\/cover.jpg\" data-srcset=\"https:\/\/www.geoclima.com\/wp-content\/uploads\/2021\/08\/cover.jpg 800w, https:\/\/www.geoclima.com\/wp-content\/uploads\/2021\/08\/cover-300x169.jpg 300w, https:\/\/www.geoclima.com\/wp-content\/uploads\/2021\/08\/cover-768x432.jpg 768w, https:\/\/www.geoclima.com\/wp-content\/uploads\/2021\/08\/cover-705x397.jpg 705w\" data-sizes=\"(max-width: 800px) 100vw, 800px\" data-rel='gallery-1' data-prev-img='https:\/\/www.geoclima.com\/wp-content\/uploads\/2021\/08\/cover-495x400.jpg' class='first_thumb lightbox ' data-onclick='1' title='cover'  itemprop=\"thumbnailUrl\"  ><img decoding=\"async\" fetchpriority=\"high\" class=\"wp-image-24581 avia-img-lazy-loading-not-24581\"   src=\"https:\/\/www.geoclima.com\/wp-content\/uploads\/2021\/08\/cover-495x400.jpg\" width=\"495\" height=\"400\"  title='cover' alt='' \/><div class='big-prev-fake'><img decoding=\"async\" loading=\"lazy\" class=\"wp-image-24581 avia-img-lazy-loading-24581\"  width=\"495\" height=\"400\" src=\"https:\/\/www.geoclima.com\/wp-content\/uploads\/2021\/08\/cover-495x400.jpg\" title='cover' alt='' \/><\/div><\/a><a href=\"https:\/\/www.geoclima.com\/wp-content\/uploads\/2021\/08\/1-web.jpg\" data-srcset=\"https:\/\/www.geoclima.com\/wp-content\/uploads\/2021\/08\/1-web.jpg 800w, https:\/\/www.geoclima.com\/wp-content\/uploads\/2021\/08\/1-web-300x225.jpg 300w, https:\/\/www.geoclima.com\/wp-content\/uploads\/2021\/08\/1-web-768x576.jpg 768w, https:\/\/www.geoclima.com\/wp-content\/uploads\/2021\/08\/1-web-705x529.jpg 705w\" data-sizes=\"(max-width: 800px) 100vw, 800px\" data-rel='gallery-1' data-prev-img='https:\/\/www.geoclima.com\/wp-content\/uploads\/2021\/08\/1-web-495x400.jpg' class='lightbox ' data-onclick='2' title='1-web'  itemprop=\"thumbnailUrl\"  ><img decoding=\"async\" fetchpriority=\"high\" class=\"wp-image-24571 avia-img-lazy-loading-not-24571\"   src=\"https:\/\/www.geoclima.com\/wp-content\/uploads\/2021\/08\/1-web-495x400.jpg\" width=\"495\" height=\"400\"  title='1-web' alt='' \/><div class='big-prev-fake'><img decoding=\"async\" loading=\"lazy\" class=\"wp-image-24571 avia-img-lazy-loading-24571\"  width=\"495\" height=\"400\" src=\"https:\/\/www.geoclima.com\/wp-content\/uploads\/2021\/08\/1-web-495x400.jpg\" title='1-web' alt='' \/><\/div><\/a><a href=\"https:\/\/www.geoclima.com\/wp-content\/uploads\/2021\/08\/2-web.jpg\" data-srcset=\"https:\/\/www.geoclima.com\/wp-content\/uploads\/2021\/08\/2-web.jpg 800w, https:\/\/www.geoclima.com\/wp-content\/uploads\/2021\/08\/2-web-300x139.jpg 300w, https:\/\/www.geoclima.com\/wp-content\/uploads\/2021\/08\/2-web-768x355.jpg 768w, https:\/\/www.geoclima.com\/wp-content\/uploads\/2021\/08\/2-web-705x326.jpg 705w\" data-sizes=\"(max-width: 800px) 100vw, 800px\" data-rel='gallery-1' data-prev-img='https:\/\/www.geoclima.com\/wp-content\/uploads\/2021\/08\/2-web-495x370.jpg' class='lightbox ' data-onclick='3' title='2-web'  itemprop=\"thumbnailUrl\"  ><img decoding=\"async\" fetchpriority=\"high\" class=\"wp-image-24576 avia-img-lazy-loading-not-24576\"   src=\"https:\/\/www.geoclima.com\/wp-content\/uploads\/2021\/08\/2-web-495x370.jpg\" width=\"495\" height=\"370\"  title='2-web' alt='' \/><div class='big-prev-fake'><img decoding=\"async\" loading=\"lazy\" class=\"wp-image-24576 avia-img-lazy-loading-24576\"  width=\"495\" height=\"370\" src=\"https:\/\/www.geoclima.com\/wp-content\/uploads\/2021\/08\/2-web-495x370.jpg\" title='2-web' alt='' \/><\/div><\/a><\/div><\/div><\/div><\/p>\n<div  class='flex_column av-av_one_full-d846867a37b468541bc8830743d44203 av_one_full  avia-builder-el-4  el_after_av_one_full  el_before_av_one_full  first flex_column_div  column-top-margin'     ><section  class='av_textblock_section av-ksswqd2s-cc50e049b8583d273ea32296e0436b97 '   itemscope=\"itemscope\" itemtype=\"https:\/\/schema.org\/CreativeWork\" ><div class='avia_textblock'  itemprop=\"text\" ><h3>Background<\/h3>\n<p>A settembre, verr\u00e0 inaugurato il nuovo <a href=\"https:\/\/www.ulster.ac.uk\/anewchapter\" target=\"_blank\" rel=\"noopener\">campus della Ulster University<\/a> di Belfast. Si tratta di una struttura all\u2019avanguardia, con pi\u00f9 di 300 spazi di apprendimento innovativi, in grado di ospitare 15000 tra dipendenti e studenti.<\/p>\n<\/div><\/section><\/div><div  class='flex_column av-av_one_full-d846867a37b468541bc8830743d44203 av_one_full  avia-builder-el-6  el_after_av_one_full  el_before_av_one_full  first flex_column_div  column-top-margin'     ><div  class='avia-video av-ksswrrb4-34f7c5fad682d6019d75fe4de568ad6c avia-video-16-9 av-no-preview-image avia-video-load-always av-lazyload-immediate av-lazyload-video-embed'  itemprop=\"video\" itemtype=\"https:\/\/schema.org\/VideoObject\"  data-original_url='https:\/\/www.youtube.com\/watch?v=eWqcYusbzUI'><script type='text\/html' class='av-video-tmpl'><div class='avia-iframe-wrap'><iframe loading=\"lazy\" title=\"Belfast Campus Development\" width=\"1500\" height=\"844\" src=\"https:\/\/www.youtube.com\/embed\/eWqcYusbzUI?feature=oembed&autoplay=0&loop=0&controls=1&mute=0\" frameborder=\"0\" allow=\"accelerometer; autoplay; clipboard-write; encrypted-media; gyroscope; picture-in-picture\" allowfullscreen><\/iframe><\/div><\/script><div class='av-click-to-play-overlay'><div class=\"avia_playpause_icon\"><\/div><\/div><\/div><\/div><\/p>\n<div  class='flex_column av-av_one_full-d846867a37b468541bc8830743d44203 av_one_full  avia-builder-el-8  el_after_av_one_full  avia-builder-el-last  first flex_column_div  column-top-margin'     ><section  class='av_textblock_section av-ksswvfrq-71c59363c113b6a252c6053c2067284d '   itemscope=\"itemscope\" itemtype=\"https:\/\/schema.org\/CreativeWork\" ><div class='avia_textblock'  itemprop=\"text\" ><h3><strong>Obiettivi<\/strong><\/h3>\n<p>Siamo stati incaricati dal <a href=\"https:\/\/www.ramosferreira.com\/en\/\" target=\"_blank\" rel=\"noopener\">Gruppo Ramos Ferreira<\/a> \u2013 uno dei pi\u00f9 importanti player mondiali nel settore delle costruzioni \u2013 di progettare e realizzare un sistema HVAC in linea con l\u2019approccio tecnologico e sostenibile dell\u2019intero progetto. L&#8217;edificio, inoltre, \u00e8 stato progettato per soddisfare normative in di emissioni sonore estremamente stringenti.<\/p>\n<h3>Sfide<\/h3>\n<p>Il campus si trova nel centro di Belfast, quindi il progettista ha dovuto ottimizzare l\u2019area disponibile utilizzando un approccio architettonico molto innovativo. Ci\u00f2 per\u00f2 ha comportato che lo spazio di installazione dedicato al sistema HVAC era molto ridotto. La sfida pi\u00f9 complessa, quindi, \u00e8 stata senza dubbio ottenere le migliori performance in rapporto alla superficie che avevamo a disposizione.<\/p>\n<h3>Progetto<\/h3>\n<p>Per soddisfare questi requisiti, abbiamo progettato e realizzato <strong>tre Turbomiser condensati ad aria con compressori centrifughi oil-free<\/strong> di dimensioni diverse, in modo da occupare lo spazio di installazione con il maggior numero possibile di ventilatori. La potenza frigorifera totale \u00e8 di <strong>2630 kW<\/strong>. Le unit\u00e0 assicurano alti livelli di efficienza energetica (<strong>EER 3.34 W\/W<\/strong>), bassi livelli di rumorosit\u00e0 (64 dBA) e sono controllate da un unico gateway.<\/p>\n<\/div><\/section><\/div>\n","protected":false},"excerpt":{"rendered":"","protected":false},"author":1,"featured_media":24581,"comment_status":"closed","ping_status":"closed","template":"","meta":{"footnotes":""},"tags":[],"portfolio_entries":[7684,41],"class_list":["post-24590","portfolio","type-portfolio","status-publish","has-post-thumbnail","hentry","portfolio_entries-europa","portfolio_entries-regno-unito"],"yoast_head":"<!-- This site is optimized with the Yoast SEO Premium plugin v27.4 (Yoast SEO v27.4) - https:\/\/yoast.com\/product\/yoast-seo-premium-wordpress\/ -->\n<title>Nuovo campus della Ulster University, Belfast | Geoclima<\/title>\n<meta name=\"robots\" content=\"index, follow, max-snippet:-1, max-image-preview:large, max-video-preview:-1\" \/>\n<link rel=\"canonical\" href=\"https:\/\/www.geoclima.com\/it\/pro\/nuovo-campus-della-ulster-university-belfast\/\" \/>\n<meta property=\"og:locale\" content=\"it_IT\" \/>\n<meta property=\"og:type\" content=\"article\" \/>\n<meta property=\"og:title\" content=\"Nuovo campus della Ulster University, Belfast\" \/>\n<meta property=\"og:url\" content=\"https:\/\/www.geoclima.com\/it\/pro\/nuovo-campus-della-ulster-university-belfast\/\" \/>\n<meta property=\"og:site_name\" content=\"Geoclima\" \/>\n<meta property=\"article:publisher\" content=\"https:\/\/www.facebook.com\/GeoclimaWorld\/\" \/>\n<meta property=\"article:modified_time\" content=\"2024-07-18T06:54:28+00:00\" \/>\n<meta property=\"og:image\" content=\"https:\/\/www.geoclima.com\/wp-content\/uploads\/2021\/08\/cover.jpg\" \/>\n\t<meta property=\"og:image:width\" content=\"800\" \/>\n\t<meta property=\"og:image:height\" content=\"450\" \/>\n\t<meta property=\"og:image:type\" content=\"image\/jpeg\" \/>\n<script type=\"application\/ld+json\" class=\"yoast-schema-graph\">{\"@context\":\"https:\\\/\\\/schema.org\",\"@graph\":[{\"@type\":\"WebPage\",\"@id\":\"https:\\\/\\\/www.geoclima.com\\\/it\\\/pro\\\/nuovo-campus-della-ulster-university-belfast\\\/\",\"url\":\"https:\\\/\\\/www.geoclima.com\\\/it\\\/pro\\\/nuovo-campus-della-ulster-university-belfast\\\/\",\"name\":\"Nuovo campus della Ulster University, Belfast | Geoclima\",\"isPartOf\":{\"@id\":\"https:\\\/\\\/www.geoclima.com\\\/it\\\/#website\"},\"primaryImageOfPage\":{\"@id\":\"https:\\\/\\\/www.geoclima.com\\\/it\\\/pro\\\/nuovo-campus-della-ulster-university-belfast\\\/#primaryimage\"},\"image\":{\"@id\":\"https:\\\/\\\/www.geoclima.com\\\/it\\\/pro\\\/nuovo-campus-della-ulster-university-belfast\\\/#primaryimage\"},\"thumbnailUrl\":\"https:\\\/\\\/www.geoclima.com\\\/wp-content\\\/uploads\\\/2021\\\/08\\\/cover.jpg\",\"datePublished\":\"2021-08-26T12:42:54+00:00\",\"dateModified\":\"2024-07-18T06:54:28+00:00\",\"breadcrumb\":{\"@id\":\"https:\\\/\\\/www.geoclima.com\\\/it\\\/pro\\\/nuovo-campus-della-ulster-university-belfast\\\/#breadcrumb\"},\"inLanguage\":\"it-IT\",\"potentialAction\":[{\"@type\":\"ReadAction\",\"target\":[\"https:\\\/\\\/www.geoclima.com\\\/it\\\/pro\\\/nuovo-campus-della-ulster-university-belfast\\\/\"]}]},{\"@type\":\"ImageObject\",\"inLanguage\":\"it-IT\",\"@id\":\"https:\\\/\\\/www.geoclima.com\\\/it\\\/pro\\\/nuovo-campus-della-ulster-university-belfast\\\/#primaryimage\",\"url\":\"https:\\\/\\\/www.geoclima.com\\\/wp-content\\\/uploads\\\/2021\\\/08\\\/cover.jpg\",\"contentUrl\":\"https:\\\/\\\/www.geoclima.com\\\/wp-content\\\/uploads\\\/2021\\\/08\\\/cover.jpg\",\"width\":800,\"height\":450},{\"@type\":\"BreadcrumbList\",\"@id\":\"https:\\\/\\\/www.geoclima.com\\\/it\\\/pro\\\/nuovo-campus-della-ulster-university-belfast\\\/#breadcrumb\",\"itemListElement\":[{\"@type\":\"ListItem\",\"position\":1,\"name\":\"Home\",\"item\":\"https:\\\/\\\/www.geoclima.com\\\/it\\\/\"},{\"@type\":\"ListItem\",\"position\":2,\"name\":\"Nuovo campus della Ulster University, Belfast\"}]},{\"@type\":\"WebSite\",\"@id\":\"https:\\\/\\\/www.geoclima.com\\\/it\\\/#website\",\"url\":\"https:\\\/\\\/www.geoclima.com\\\/it\\\/\",\"name\":\"Geoclima\",\"description\":\"Smart HVAC solutions\",\"publisher\":{\"@id\":\"https:\\\/\\\/www.geoclima.com\\\/it\\\/#organization\"},\"potentialAction\":[{\"@type\":\"SearchAction\",\"target\":{\"@type\":\"EntryPoint\",\"urlTemplate\":\"https:\\\/\\\/www.geoclima.com\\\/it\\\/?s={search_term_string}\"},\"query-input\":{\"@type\":\"PropertyValueSpecification\",\"valueRequired\":true,\"valueName\":\"search_term_string\"}}],\"inLanguage\":\"it-IT\"},{\"@type\":\"Organization\",\"@id\":\"https:\\\/\\\/www.geoclima.com\\\/it\\\/#organization\",\"name\":\"Geoclima Srl\",\"url\":\"https:\\\/\\\/www.geoclima.com\\\/it\\\/\",\"logo\":{\"@type\":\"ImageObject\",\"inLanguage\":\"it-IT\",\"@id\":\"https:\\\/\\\/www.geoclima.com\\\/it\\\/#\\\/schema\\\/logo\\\/image\\\/\",\"url\":\"https:\\\/\\\/www.geoclima.com\\\/wp-content\\\/uploads\\\/2014\\\/03\\\/logo-geo.png\",\"contentUrl\":\"https:\\\/\\\/www.geoclima.com\\\/wp-content\\\/uploads\\\/2014\\\/03\\\/logo-geo.png\",\"width\":280,\"height\":53,\"caption\":\"Geoclima Srl\"},\"image\":{\"@id\":\"https:\\\/\\\/www.geoclima.com\\\/it\\\/#\\\/schema\\\/logo\\\/image\\\/\"},\"sameAs\":[\"https:\\\/\\\/www.facebook.com\\\/GeoclimaWorld\\\/\",\"https:\\\/\\\/x.com\\\/GeoclimaWeb\",\"https:\\\/\\\/www.instagram.com\\\/geoclima\",\"https:\\\/\\\/www.linkedin.com\\\/company\\\/geoclima\",\"https:\\\/\\\/www.youtube.com\\\/user\\\/geoclimaweb\"]}]}<\/script>\n<!-- \/ Yoast SEO Premium plugin. -->","yoast_head_json":{"title":"Nuovo campus della Ulster University, Belfast | Geoclima","robots":{"index":"index","follow":"follow","max-snippet":"max-snippet:-1","max-image-preview":"max-image-preview:large","max-video-preview":"max-video-preview:-1"},"canonical":"https:\/\/www.geoclima.com\/it\/pro\/nuovo-campus-della-ulster-university-belfast\/","og_locale":"it_IT","og_type":"article","og_title":"Nuovo campus della Ulster University, Belfast","og_url":"https:\/\/www.geoclima.com\/it\/pro\/nuovo-campus-della-ulster-university-belfast\/","og_site_name":"Geoclima","article_publisher":"https:\/\/www.facebook.com\/GeoclimaWorld\/","article_modified_time":"2024-07-18T06:54:28+00:00","og_image":[{"width":800,"height":450,"url":"https:\/\/www.geoclima.com\/wp-content\/uploads\/2021\/08\/cover.jpg","type":"image\/jpeg"}],"schema":{"@context":"https:\/\/schema.org","@graph":[{"@type":"WebPage","@id":"https:\/\/www.geoclima.com\/it\/pro\/nuovo-campus-della-ulster-university-belfast\/","url":"https:\/\/www.geoclima.com\/it\/pro\/nuovo-campus-della-ulster-university-belfast\/","name":"Nuovo campus della Ulster University, Belfast | Geoclima","isPartOf":{"@id":"https:\/\/www.geoclima.com\/it\/#website"},"primaryImageOfPage":{"@id":"https:\/\/www.geoclima.com\/it\/pro\/nuovo-campus-della-ulster-university-belfast\/#primaryimage"},"image":{"@id":"https:\/\/www.geoclima.com\/it\/pro\/nuovo-campus-della-ulster-university-belfast\/#primaryimage"},"thumbnailUrl":"https:\/\/www.geoclima.com\/wp-content\/uploads\/2021\/08\/cover.jpg","datePublished":"2021-08-26T12:42:54+00:00","dateModified":"2024-07-18T06:54:28+00:00","breadcrumb":{"@id":"https:\/\/www.geoclima.com\/it\/pro\/nuovo-campus-della-ulster-university-belfast\/#breadcrumb"},"inLanguage":"it-IT","potentialAction":[{"@type":"ReadAction","target":["https:\/\/www.geoclima.com\/it\/pro\/nuovo-campus-della-ulster-university-belfast\/"]}]},{"@type":"ImageObject","inLanguage":"it-IT","@id":"https:\/\/www.geoclima.com\/it\/pro\/nuovo-campus-della-ulster-university-belfast\/#primaryimage","url":"https:\/\/www.geoclima.com\/wp-content\/uploads\/2021\/08\/cover.jpg","contentUrl":"https:\/\/www.geoclima.com\/wp-content\/uploads\/2021\/08\/cover.jpg","width":800,"height":450},{"@type":"BreadcrumbList","@id":"https:\/\/www.geoclima.com\/it\/pro\/nuovo-campus-della-ulster-university-belfast\/#breadcrumb","itemListElement":[{"@type":"ListItem","position":1,"name":"Home","item":"https:\/\/www.geoclima.com\/it\/"},{"@type":"ListItem","position":2,"name":"Nuovo campus della Ulster University, Belfast"}]},{"@type":"WebSite","@id":"https:\/\/www.geoclima.com\/it\/#website","url":"https:\/\/www.geoclima.com\/it\/","name":"Geoclima","description":"Smart HVAC solutions","publisher":{"@id":"https:\/\/www.geoclima.com\/it\/#organization"},"potentialAction":[{"@type":"SearchAction","target":{"@type":"EntryPoint","urlTemplate":"https:\/\/www.geoclima.com\/it\/?s={search_term_string}"},"query-input":{"@type":"PropertyValueSpecification","valueRequired":true,"valueName":"search_term_string"}}],"inLanguage":"it-IT"},{"@type":"Organization","@id":"https:\/\/www.geoclima.com\/it\/#organization","name":"Geoclima Srl","url":"https:\/\/www.geoclima.com\/it\/","logo":{"@type":"ImageObject","inLanguage":"it-IT","@id":"https:\/\/www.geoclima.com\/it\/#\/schema\/logo\/image\/","url":"https:\/\/www.geoclima.com\/wp-content\/uploads\/2014\/03\/logo-geo.png","contentUrl":"https:\/\/www.geoclima.com\/wp-content\/uploads\/2014\/03\/logo-geo.png","width":280,"height":53,"caption":"Geoclima Srl"},"image":{"@id":"https:\/\/www.geoclima.com\/it\/#\/schema\/logo\/image\/"},"sameAs":["https:\/\/www.facebook.com\/GeoclimaWorld\/","https:\/\/x.com\/GeoclimaWeb","https:\/\/www.instagram.com\/geoclima","https:\/\/www.linkedin.com\/company\/geoclima","https:\/\/www.youtube.com\/user\/geoclimaweb"]}]}},"_links":{"self":[{"href":"https:\/\/www.geoclima.com\/it\/wp-json\/wp\/v2\/portfolio\/24590","targetHints":{"allow":["GET"]}}],"collection":[{"href":"https:\/\/www.geoclima.com\/it\/wp-json\/wp\/v2\/portfolio"}],"about":[{"href":"https:\/\/www.geoclima.com\/it\/wp-json\/wp\/v2\/types\/portfolio"}],"author":[{"embeddable":true,"href":"https:\/\/www.geoclima.com\/it\/wp-json\/wp\/v2\/users\/1"}],"replies":[{"embeddable":true,"href":"https:\/\/www.geoclima.com\/it\/wp-json\/wp\/v2\/comments?post=24590"}],"version-history":[{"count":3,"href":"https:\/\/www.geoclima.com\/it\/wp-json\/wp\/v2\/portfolio\/24590\/revisions"}],"predecessor-version":[{"id":24593,"href":"https:\/\/www.geoclima.com\/it\/wp-json\/wp\/v2\/portfolio\/24590\/revisions\/24593"}],"wp:featuredmedia":[{"embeddable":true,"href":"https:\/\/www.geoclima.com\/it\/wp-json\/wp\/v2\/media\/24581"}],"wp:attachment":[{"href":"https:\/\/www.geoclima.com\/it\/wp-json\/wp\/v2\/media?parent=24590"}],"wp:term":[{"taxonomy":"post_tag","embeddable":true,"href":"https:\/\/www.geoclima.com\/it\/wp-json\/wp\/v2\/tags?post=24590"},{"taxonomy":"portfolio_entries","embeddable":true,"href":"https:\/\/www.geoclima.com\/it\/wp-json\/wp\/v2\/portfolio_entries?post=24590"}],"curies":[{"name":"wp","href":"https:\/\/api.w.org\/{rel}","templated":true}]}}